{"id":552,"date":"2023-01-08T17:09:50","date_gmt":"2023-01-08T17:09:50","guid":{"rendered":"https:\/\/jadro-izletiste.hr\/kulturna-bastina\/"},"modified":"2023-01-18T17:33:09","modified_gmt":"2023-01-18T17:33:09","slug":"cultural-heirtage","status":"publish","type":"page","link":"https:\/\/jadro-izletiste.hr\/en\/cultural-heirtage\/","title":{"rendered":"Cultural heritage"},"content":{"rendered":"<p><span style=\"font-weight: 400;\">Iako je tok rijeke Jadro relativno kratak, cijelom svojom duljinom od 4,5 km svjedo\u010di o ogromnom dru\u0161tvenom i civilizacijskom zna\u010denju ove rijeke. Upoznati rijeku zna\u010di upoznati se s njenim najva\u017enijim prirodnim zna\u010dajkama, povijesnim razvojem okolice, njezinom najpoznatijom stanovnicom, endemskom mekousnom pastrvom, ali i najva\u017enijim znamenitostima Solina koje se nalaze na njezinim obalama. Po\u010dev\u0161i od izvora, pa sve do njezinog u\u0161\u0107a u Ka\u0161telanski zaljev, ovdje predstavljamo znamenitosti koje pri\u010daju o \u017eivotu rijeke kroz vrijeme.<\/span><\/p>\n<p>&nbsp;<\/p>\n<p>Although the course of the Jadro River is relatively short, its entire length of 4.5 km testifies to the enormous social and civilizational significance of this river. Getting to know the river means getting to know its most important natural features, the historical development of the surroundings, its most famous inhabitant, the softmouth trout, but also the most important sights of Solin, which are located on its banks. Starting from the source, all the way to its confluence in the Ka\u0161tela Bay, here we present sights that tell the story of the life of the river over time.<\/p>\n","protected":false},"excerpt":{"rendered":"<p>Iako je tok rijeke Jadro relativno kratak, cijelom svojom duljinom od 4,5 km svjedo\u010di o ogromnom dru\u0161tvenom i civilizacijskom zna\u010denju ove rijeke. Upoznati rijeku zna\u010di upoznati se s njenim najva\u017enijim prirodnim zna\u010dajkama, povijesnim razvojem okolice, njezinom najpoznatijom stanovnicom, endemskom mekousnom pastrvom, ali i najva\u017enijim znamenitostima Solina koje se nalaze na njezinim obalama. Po\u010dev\u0161i od izvora, [&hellip;]<\/p>\n","protected":false},"author":1,"featured_media":458,"parent":0,"menu_order":0,"comment_status":"closed","ping_status":"closed","template":"category.php","meta":{"_acf_changed":false,"footnotes":""},"class_list":["post-552","page","type-page","status-publish","has-post-thumbnail","hentry"],"acf":[],"yoast_head":"<!-- This site is optimized with the Yoast SEO plugin v26.8 - https:\/\/yoast.com\/product\/yoast-seo-wordpress\/ -->\n<title>Cultural heritage - Jadro izleti\u0161te<\/title>\n<meta name=\"robots\" content=\"index, follow, max-snippet:-1, max-image-preview:large, max-video-preview:-1\" \/>\n<link rel=\"canonical\" href=\"https:\/\/jadro-izletiste.hr\/en\/cultural-heirtage\/\" \/>\n<meta property=\"og:locale\" content=\"en_US\" \/>\n<meta property=\"og:type\" content=\"article\" \/>\n<meta property=\"og:title\" content=\"Cultural heritage - Jadro izleti\u0161te\" \/>\n<meta property=\"og:description\" content=\"Iako je tok rijeke Jadro relativno kratak, cijelom svojom duljinom od 4,5 km svjedo\u010di o ogromnom dru\u0161tvenom i civilizacijskom zna\u010denju ove rijeke. Upoznati rijeku zna\u010di upoznati se s njenim najva\u017enijim prirodnim zna\u010dajkama, povijesnim razvojem okolice, njezinom najpoznatijom stanovnicom, endemskom mekousnom pastrvom, ali i najva\u017enijim znamenitostima Solina koje se nalaze na njezinim obalama. Po\u010dev\u0161i od izvora, [&hellip;]\" \/>\n<meta property=\"og:url\" content=\"https:\/\/jadro-izletiste.hr\/en\/cultural-heirtage\/\" \/>\n<meta property=\"og:site_name\" content=\"Jadro izleti\u0161te\" \/>\n<meta property=\"article:publisher\" content=\"https:\/\/www.facebook.com\/people\/Izletite-Jadro\/100088579050796\/\" \/>\n<meta property=\"article:modified_time\" content=\"2023-01-18T17:33:09+00:00\" \/>\n<meta property=\"og:image\" content=\"https:\/\/jadro-izletiste.hr\/wp-content\/uploads\/2022\/12\/single-1.jpg\" \/>\n\t<meta property=\"og:image:width\" content=\"1920\" \/>\n\t<meta property=\"og:image:height\" content=\"1080\" \/>\n\t<meta property=\"og:image:type\" content=\"image\/jpeg\" \/>\n<meta name=\"twitter:card\" content=\"summary_large_image\" \/>\n<meta name=\"twitter:label1\" content=\"Est. reading time\" \/>\n\t<meta name=\"twitter:data1\" content=\"1 minute\" \/>\n<script type=\"application\/ld+json\" class=\"yoast-schema-graph\">{\"@context\":\"https:\/\/schema.org\",\"@graph\":[{\"@type\":\"WebPage\",\"@id\":\"https:\/\/jadro-izletiste.hr\/en\/cultural-heirtage\/\",\"url\":\"https:\/\/jadro-izletiste.hr\/en\/cultural-heirtage\/\",\"name\":\"Cultural heritage - Jadro izleti\u0161te\",\"isPartOf\":{\"@id\":\"https:\/\/jadro-izletiste.hr\/#website\"},\"primaryImageOfPage\":{\"@id\":\"https:\/\/jadro-izletiste.hr\/en\/cultural-heirtage\/#primaryimage\"},\"image\":{\"@id\":\"https:\/\/jadro-izletiste.hr\/en\/cultural-heirtage\/#primaryimage\"},\"thumbnailUrl\":\"https:\/\/jadro-izletiste.hr\/wp-content\/uploads\/2022\/12\/single-1.jpg\",\"datePublished\":\"2023-01-08T17:09:50+00:00\",\"dateModified\":\"2023-01-18T17:33:09+00:00\",\"breadcrumb\":{\"@id\":\"https:\/\/jadro-izletiste.hr\/en\/cultural-heirtage\/#breadcrumb\"},\"inLanguage\":\"en-US\",\"potentialAction\":[{\"@type\":\"ReadAction\",\"target\":[\"https:\/\/jadro-izletiste.hr\/en\/cultural-heirtage\/\"]}]},{\"@type\":\"ImageObject\",\"inLanguage\":\"en-US\",\"@id\":\"https:\/\/jadro-izletiste.hr\/en\/cultural-heirtage\/#primaryimage\",\"url\":\"https:\/\/jadro-izletiste.hr\/wp-content\/uploads\/2022\/12\/single-1.jpg\",\"contentUrl\":\"https:\/\/jadro-izletiste.hr\/wp-content\/uploads\/2022\/12\/single-1.jpg\",\"width\":1920,\"height\":1080},{\"@type\":\"BreadcrumbList\",\"@id\":\"https:\/\/jadro-izletiste.hr\/en\/cultural-heirtage\/#breadcrumb\",\"itemListElement\":[{\"@type\":\"ListItem\",\"position\":1,\"name\":\"Po\u010detna stranica\",\"item\":\"https:\/\/jadro-izletiste.hr\/\"},{\"@type\":\"ListItem\",\"position\":2,\"name\":\"Cultural heritage\"}]},{\"@type\":\"WebSite\",\"@id\":\"https:\/\/jadro-izletiste.hr\/#website\",\"url\":\"https:\/\/jadro-izletiste.hr\/\",\"name\":\"Jadro izleti\u0161te\",\"description\":\"Jadro izleti\u0161te\",\"publisher\":{\"@id\":\"https:\/\/jadro-izletiste.hr\/#organization\"},\"potentialAction\":[{\"@type\":\"SearchAction\",\"target\":{\"@type\":\"EntryPoint\",\"urlTemplate\":\"https:\/\/jadro-izletiste.hr\/?s={search_term_string}\"},\"query-input\":{\"@type\":\"PropertyValueSpecification\",\"valueRequired\":true,\"valueName\":\"search_term_string\"}}],\"inLanguage\":\"en-US\"},{\"@type\":\"Organization\",\"@id\":\"https:\/\/jadro-izletiste.hr\/#organization\",\"name\":\"Jadro izleti\u0161te\",\"url\":\"https:\/\/jadro-izletiste.hr\/\",\"logo\":{\"@type\":\"ImageObject\",\"inLanguage\":\"en-US\",\"@id\":\"https:\/\/jadro-izletiste.hr\/#\/schema\/logo\/image\/\",\"url\":\"https:\/\/jadro-izletiste.hr\/wp-content\/uploads\/2023\/02\/Jadro-izletiste-park_LOGO_prikaz-D.png\",\"contentUrl\":\"https:\/\/jadro-izletiste.hr\/wp-content\/uploads\/2023\/02\/Jadro-izletiste-park_LOGO_prikaz-D.png\",\"width\":1692,\"height\":721,\"caption\":\"Jadro izleti\u0161te\"},\"image\":{\"@id\":\"https:\/\/jadro-izletiste.hr\/#\/schema\/logo\/image\/\"},\"sameAs\":[\"https:\/\/www.facebook.com\/people\/Izletite-Jadro\/100088579050796\/\",\"https:\/\/www.instagram.com\/jadro_izletiste\/\"]}]}<\/script>\n<!-- \/ Yoast SEO plugin. -->","yoast_head_json":{"title":"Cultural heritage - Jadro izleti\u0161te","robots":{"index":"index","follow":"follow","max-snippet":"max-snippet:-1","max-image-preview":"max-image-preview:large","max-video-preview":"max-video-preview:-1"},"canonical":"https:\/\/jadro-izletiste.hr\/en\/cultural-heirtage\/","og_locale":"en_US","og_type":"article","og_title":"Cultural heritage - Jadro izleti\u0161te","og_description":"Iako je tok rijeke Jadro relativno kratak, cijelom svojom duljinom od 4,5 km svjedo\u010di o ogromnom dru\u0161tvenom i civilizacijskom zna\u010denju ove rijeke. Upoznati rijeku zna\u010di upoznati se s njenim najva\u017enijim prirodnim zna\u010dajkama, povijesnim razvojem okolice, njezinom najpoznatijom stanovnicom, endemskom mekousnom pastrvom, ali i najva\u017enijim znamenitostima Solina koje se nalaze na njezinim obalama. Po\u010dev\u0161i od izvora, [&hellip;]","og_url":"https:\/\/jadro-izletiste.hr\/en\/cultural-heirtage\/","og_site_name":"Jadro izleti\u0161te","article_publisher":"https:\/\/www.facebook.com\/people\/Izletite-Jadro\/100088579050796\/","article_modified_time":"2023-01-18T17:33:09+00:00","og_image":[{"width":1920,"height":1080,"url":"https:\/\/jadro-izletiste.hr\/wp-content\/uploads\/2022\/12\/single-1.jpg","type":"image\/jpeg"}],"twitter_card":"summary_large_image","twitter_misc":{"Est. reading time":"1 minute"},"schema":{"@context":"https:\/\/schema.org","@graph":[{"@type":"WebPage","@id":"https:\/\/jadro-izletiste.hr\/en\/cultural-heirtage\/","url":"https:\/\/jadro-izletiste.hr\/en\/cultural-heirtage\/","name":"Cultural heritage - Jadro izleti\u0161te","isPartOf":{"@id":"https:\/\/jadro-izletiste.hr\/#website"},"primaryImageOfPage":{"@id":"https:\/\/jadro-izletiste.hr\/en\/cultural-heirtage\/#primaryimage"},"image":{"@id":"https:\/\/jadro-izletiste.hr\/en\/cultural-heirtage\/#primaryimage"},"thumbnailUrl":"https:\/\/jadro-izletiste.hr\/wp-content\/uploads\/2022\/12\/single-1.jpg","datePublished":"2023-01-08T17:09:50+00:00","dateModified":"2023-01-18T17:33:09+00:00","breadcrumb":{"@id":"https:\/\/jadro-izletiste.hr\/en\/cultural-heirtage\/#breadcrumb"},"inLanguage":"en-US","potentialAction":[{"@type":"ReadAction","target":["https:\/\/jadro-izletiste.hr\/en\/cultural-heirtage\/"]}]},{"@type":"ImageObject","inLanguage":"en-US","@id":"https:\/\/jadro-izletiste.hr\/en\/cultural-heirtage\/#primaryimage","url":"https:\/\/jadro-izletiste.hr\/wp-content\/uploads\/2022\/12\/single-1.jpg","contentUrl":"https:\/\/jadro-izletiste.hr\/wp-content\/uploads\/2022\/12\/single-1.jpg","width":1920,"height":1080},{"@type":"BreadcrumbList","@id":"https:\/\/jadro-izletiste.hr\/en\/cultural-heirtage\/#breadcrumb","itemListElement":[{"@type":"ListItem","position":1,"name":"Po\u010detna stranica","item":"https:\/\/jadro-izletiste.hr\/"},{"@type":"ListItem","position":2,"name":"Cultural heritage"}]},{"@type":"WebSite","@id":"https:\/\/jadro-izletiste.hr\/#website","url":"https:\/\/jadro-izletiste.hr\/","name":"Jadro izleti\u0161te","description":"Jadro izleti\u0161te","publisher":{"@id":"https:\/\/jadro-izletiste.hr\/#organization"},"potentialAction":[{"@type":"SearchAction","target":{"@type":"EntryPoint","urlTemplate":"https:\/\/jadro-izletiste.hr\/?s={search_term_string}"},"query-input":{"@type":"PropertyValueSpecification","valueRequired":true,"valueName":"search_term_string"}}],"inLanguage":"en-US"},{"@type":"Organization","@id":"https:\/\/jadro-izletiste.hr\/#organization","name":"Jadro izleti\u0161te","url":"https:\/\/jadro-izletiste.hr\/","logo":{"@type":"ImageObject","inLanguage":"en-US","@id":"https:\/\/jadro-izletiste.hr\/#\/schema\/logo\/image\/","url":"https:\/\/jadro-izletiste.hr\/wp-content\/uploads\/2023\/02\/Jadro-izletiste-park_LOGO_prikaz-D.png","contentUrl":"https:\/\/jadro-izletiste.hr\/wp-content\/uploads\/2023\/02\/Jadro-izletiste-park_LOGO_prikaz-D.png","width":1692,"height":721,"caption":"Jadro izleti\u0161te"},"image":{"@id":"https:\/\/jadro-izletiste.hr\/#\/schema\/logo\/image\/"},"sameAs":["https:\/\/www.facebook.com\/people\/Izletite-Jadro\/100088579050796\/","https:\/\/www.instagram.com\/jadro_izletiste\/"]}]}},"jetpack_sharing_enabled":true,"_links":{"self":[{"href":"https:\/\/jadro-izletiste.hr\/en\/wp-json\/wp\/v2\/pages\/552","targetHints":{"allow":["GET"]}}],"collection":[{"href":"https:\/\/jadro-izletiste.hr\/en\/wp-json\/wp\/v2\/pages"}],"about":[{"href":"https:\/\/jadro-izletiste.hr\/en\/wp-json\/wp\/v2\/types\/page"}],"author":[{"embeddable":true,"href":"https:\/\/jadro-izletiste.hr\/en\/wp-json\/wp\/v2\/users\/1"}],"replies":[{"embeddable":true,"href":"https:\/\/jadro-izletiste.hr\/en\/wp-json\/wp\/v2\/comments?post=552"}],"version-history":[{"count":3,"href":"https:\/\/jadro-izletiste.hr\/en\/wp-json\/wp\/v2\/pages\/552\/revisions"}],"predecessor-version":[{"id":707,"href":"https:\/\/jadro-izletiste.hr\/en\/wp-json\/wp\/v2\/pages\/552\/revisions\/707"}],"wp:featuredmedia":[{"embeddable":true,"href":"https:\/\/jadro-izletiste.hr\/en\/wp-json\/wp\/v2\/media\/458"}],"wp:attachment":[{"href":"https:\/\/jadro-izletiste.hr\/en\/wp-json\/wp\/v2\/media?parent=552"}],"curies":[{"name":"wp","href":"https:\/\/api.w.org\/{rel}","templated":true}]}}